{"id":2814,"date":"2023-02-09T12:01:45","date_gmt":"2023-02-09T12:01:45","guid":{"rendered":"https:\/\/artgraf.crealogica.eu\/politica-de-privadesa\/"},"modified":"2023-05-04T08:57:45","modified_gmt":"2023-05-04T08:57:45","slug":"politica-de-privadesa","status":"publish","type":"page","link":"https:\/\/www.artgraf.es\/ca\/politica-de-privadesa\/","title":{"rendered":"POL\u00cdTICA DE PRIVADESA"},"content":{"rendered":"\n<p> <\/p>\n\n<p>ARTGRAF SABADELL S.L. compleix amb les directrius de la Llei Org\u00e0nica 15\/1999 de 13 de desembre de Protecci\u00f3 de Dades de Car\u00e0cter Personal, el Reial Decret 1720\/2007 de 21 de desembre, pel qual s\u2019aprova el Reglament de desenvolupament de la Llei Org\u00e0nica i altres normativas vigents en cada moment, i vetlla per garantir un correcte \u00fas i tractament de les dades personals de l\u2019usuari. Per a aix\u00f2, al costat de cada formulari de recaptaci\u00f3 de dades de car\u00e0cter personal, en els serveis que l\u2019usuari pugui sol\u00b7licitar a administracio@artgraf.es, de fer saber a l\u2019usuari de l\u2019exist\u00e8ncia i acceptaci\u00f3 de les condicions particulars del tractament de les seves dades en cada cas, informant de la responsabilitat del fitxer creat, la direcci\u00f3 del responsable, la possibilitat d\u2019exercir els seus drets d\u2019acc\u00e9s, rectificaci\u00f3, cancel\u00b7laci\u00f3 o oposici\u00f3, la finalitat del tractament i les comunicacions de dades a tercers si escau.<\/p>\n\n<p>Aix\u00ed mateix, ARTGRAF SABADELL S.L. informa que d\u00f3na compliment a la Llei 34\/2002 d\u201911 de juliol, de Serveis de la Societat de la Informaci\u00f3 i el Comer\u00e7 Electr\u00f2nic i li sol\u00b7licitar\u00e0 el seu consentiment al tractament del seu correu electr\u00f2nic amb fins comercials en cada moment.<\/p>\n","protected":false},"excerpt":{"rendered":"<p>ARTGRAF SABADELL S.L. compleix amb les directrius de la Llei Org\u00e0nica 15\/1999 de 13 de desembre de Protecci\u00f3 de Dades de Car\u00e0cter Personal, el Reial Decret 1720\/2007 de 21 de desembre, pel qual s\u2019aprova el Reglament de desenvolupament de la Llei Org\u00e0nica i altres normativas vigents en cada moment, i vetlla per garantir un correcte [&hellip;]<\/p>\n","protected":false},"author":1,"featured_media":0,"parent":0,"menu_order":0,"comment_status":"closed","ping_status":"closed","template":"","meta":{"footnotes":""},"class_list":["post-2814","page","type-page","status-publish","hentry"],"_links":{"self":[{"href":"https:\/\/www.artgraf.es\/ca\/wp-json\/wp\/v2\/pages\/2814","targetHints":{"allow":["GET"]}}],"collection":[{"href":"https:\/\/www.artgraf.es\/ca\/wp-json\/wp\/v2\/pages"}],"about":[{"href":"https:\/\/www.artgraf.es\/ca\/wp-json\/wp\/v2\/types\/page"}],"author":[{"embeddable":true,"href":"https:\/\/www.artgraf.es\/ca\/wp-json\/wp\/v2\/users\/1"}],"replies":[{"embeddable":true,"href":"https:\/\/www.artgraf.es\/ca\/wp-json\/wp\/v2\/comments?post=2814"}],"version-history":[{"count":1,"href":"https:\/\/www.artgraf.es\/ca\/wp-json\/wp\/v2\/pages\/2814\/revisions"}],"predecessor-version":[{"id":2815,"href":"https:\/\/www.artgraf.es\/ca\/wp-json\/wp\/v2\/pages\/2814\/revisions\/2815"}],"wp:attachment":[{"href":"https:\/\/www.artgraf.es\/ca\/wp-json\/wp\/v2\/media?parent=2814"}],"curies":[{"name":"wp","href":"https:\/\/api.w.org\/{rel}","templated":true}]}}