{"id":2799,"date":"2023-02-15T10:01:28","date_gmt":"2023-02-15T10:01:28","guid":{"rendered":"https:\/\/artgraf.crealogica.eu\/avis-legal\/"},"modified":"2025-07-23T06:17:47","modified_gmt":"2025-07-23T06:17:47","slug":"avis-legal","status":"publish","type":"page","link":"https:\/\/www.artgraf.es\/ca\/avis-legal\/","title":{"rendered":"AV\u00cdS LEGAL"},"content":{"rendered":"\n<p>ARTGRAF SABADELL S.L. informa als usuaris que compleix amb la vigent normativa de protecci\u00f3 de dades, i amb car\u00e0cter especial, amb la Llei Org\u00e0nica 15\/1999, del 13 de Desembre, de Protecci\u00f3 de Dades de Car\u00e0cter Personal, la Llei 34\/2002.<\/p>\n\n<p>Titular: ARTGRAF SABADELL S.L. partir d\u00b4ara L\u00b4EMPRESA&#13;\nAdre\u00e7a: C\/ PAPA PIUS XI 83-87 (08208)&#13;\nSABADELL (BARCELONA)&#13;\nE-mail: administracio@artgraf.es&#13;\nTel\u00e9fono:937272664&#13;\nN.I.F: B08664070&#13;\nWeb: www.artgraf.com&#13;\n&#13;\nD`acord amb el disposat en la normativa vigent,\u00a0<b>LA EMPRESA<\/b>, nom\u00e9s recull les dades estrictament necess\u00e0ries per a oferir els serveis derivats de la seva activitat i altres prestacions, serveis i activitats atribu\u00efdes per la Llei.<\/p>\n\n<p>Espanyola de Protecci\u00f3 de Dades i\/o l`autoritat competent a cada moment. \u00c9s per aix\u00f2 que\u00a0<b>LA EMPRESA<\/b>\u00a0es reserva el dret a modificar el present av\u00eds legal per a adaptar-lo a novetats legislatives o jurisprudencials que es troben vigents en el moment prec\u00eds que s`accedeixi als websites, aix\u00ed com a pr\u00e0ctiques del sector.&#13;\nEn els anteriors sup\u00f2sits\u00a0<b>LA EMPRESA<\/b>\u00a0anunciar\u00e0, en aquesta p\u00e0gina web, els canvis introdu\u00efts amb la suficient antelaci\u00f3 a la seva posada en pr\u00e0ctica.<\/p>\n\n<p>CONFIDENCIALITAT<\/p>\n\n<p>Totes les dades proporcionades mitjan\u00e7ant correu electr\u00f2nic o formularis electr\u00f2nics seran tractats segons la normativa vigent sobre protecci\u00f3 de dades personals, i en tot cas, tindran el car\u00e0cter de confidencial pel personal de\u00a0<b>LA EMPRESA<\/b>\u00a0que gestioni aquesta informaci\u00f3.<\/p>\n\n<h4 class=\"wp-block-heading\">INFORMACI\u00d3 SOBRE LA VOLUNTAT DE DEIXAR LES DADES I LES SEVES CONSEQ\u00dc\u00c8NCIES<\/h4>\n\n<h4 class=\"wp-block-heading\">VOLUNTARIETAT<\/h4>\n\n<p>S`informa als usuaris dels websites que les respostes a les preguntes plantejades en els formularis de recollida de dades contingudes en la present website tenen car\u00e0cter voluntari, si b\u00e9 la negativa a facilitar les dades sol\u00b7licitades pot comportar la impossibilitat d`acc\u00e9s als serveis que ho requereixin.<\/p>\n\n<h4 class=\"wp-block-heading\">CONSEQ\u00dc\u00c8NCIA<\/h4>\n\n<p>Mitjan\u00e7ant la implementaci\u00f3 dels formularis inclosos en els diferents websites, relatius a serveis oferts per\u00a0<b>LA EMPRESA<\/b>, els usuaris accepten la inclusi\u00f3 i tractament de les dades que proporcionin en un fitxer de dades de car\u00e0cter personal, del que \u00e9s titular\u00a0<b>LA EMPRESA<\/b>, podent-se exercir els drets pertinents segons la cl\u00e0usula seg\u00fcent.<\/p>\n\n<h4 class=\"wp-block-heading\">INFORMACI\u00d3 A L`USUARI SOBRE ELS DRETS DE RECTIFICACI\u00d3, ACC\u00c9S, OPOSICI\u00d3 I CANCEL\u00b7LACI\u00d3 DE LES SEVES DADES<\/h4>\n\n<p>Els usuaris podran exercitar, respecte de les dades recaptades en la forma descrita en el punt anterior, els drets reconeguts en la Llei Org\u00e0nica 15\/1999, i en particular els drets d`acc\u00e9s, rectificaci\u00f3, oposici\u00f3 i\/ o cancel\u00b7laci\u00f3 de dades. Els drets referits en el par\u00e0graf precedent, podran exercitar-se per cada usuari mitjan\u00e7ant sol\u00b7licitud escrita i signada, acompanyada de fotoc\u00f2pia de DNI o Passaport, dirigida a l\u00b4adre\u00e7a de l\u00b4emprese.&#13;\nAix\u00ed mateix, si un usuari no desitja rebre informaci\u00f3 via correu electr\u00f2nic o qualsevol altre mitj\u00e0, podr\u00e0 comunicar-ho, per qualsevol mitj\u00e0 del que quedi const\u00e0ncia de la seva recepci\u00f3, a\u00a0<b>LA EMPRESA<\/b>, a l`adre\u00e7a indicada.<\/p>\n\n<h4 class=\"wp-block-heading\">INFORMACI\u00d3 SOBRE LES DADES QUE ES CONSERVEN, DURANT QUANT TEMPS I AMB QUINA FINALITAT<\/h4>\n\n<h4 class=\"wp-block-heading\">DADES QUE ES CONSERVEN<\/h4>\n\n<p>Exclusivament dades de contacte (car\u00e0cter b\u00e0sic), com s\u00f3n el nom, cognom i email. Aquesta informaci\u00f3 \u00e9s rebuda per\u00a0<b>LA EMPRESA<\/b>\u00a0i mai \u00e9s venuda, cedida o arrendada a altres empreses, exceptuant el cas l\u00f2gic per a la prestaci\u00f3 del servei.&#13;\n&#13;\n\u00a0&#13;\n&#13;\n<b>LA EMPRESA<\/b>\u00a0\u00e9s responsable d`aquests fitxers de dades de car\u00e0cter personal, creats per i per a\u00a0<b>LA EMPRESA<\/b>, amb les finalitats de realitzar el manteniment i gesti\u00f3 de la relaci\u00f3 amb els usuaris, informaci\u00f3 i distribuci\u00f3 dels productes de l`organitzaci\u00f3, aix\u00ed com la realitzaci\u00f3 d`activitats diverses.<\/p>\n\n<h4 class=\"wp-block-heading\">AMB QUINA FINALITAT<\/h4>\n\n<p>Aix\u00ed mateix, li informem que la informaci\u00f3 de les bases de dades podr\u00e0 ser usada per a la identificaci\u00f3 dels usuaris i per a la realitzaci\u00f3 d`estudis estad\u00edstics dels usuaris registrats.&#13;\n&#13;\n\u00a0&#13;\n&#13;\nDurant el proc\u00e9s de recollida de dades, i sempre que es sol\u00b7licitin dades, els usuaris seran informats del car\u00e0cter obligatori o voluntari de la recollida de dades i, en cas que no es dedueixi impl\u00edcitament del formulari electr\u00f2nic en q\u00fcesti\u00f3, de la necessitat d`implementaci\u00f3 dels mateixos per a l`acc\u00e9s dels usuaris a determinats continguts facilitats en els websites.&#13;\n&#13;\n\u00a0&#13;\n&#13;\nEn el seu cas, es sol\u00b7licitar\u00e0 als usuaris el seu consentiment perqu\u00e8\u00a0<b>LA EMPRESA<\/b>\u00a0pugui fer \u00fas de les seves dades a fi de remetre-li informaci\u00f3 relativa a l`entitat, a les activitats que desenvolupa o a altres temes relacionats.<\/p>\n\n<h4 class=\"wp-block-heading\">COMPROM\u00cdS DE L`USUARI PERQU\u00c8 LES SEVES DADES ESTIGUIN INSCRITS EN UN FITXER<\/h4>\n\n<p>L`introduir les dades en alguna o algunes de les fulles de captaci\u00f3 de dades implica l`acceptar les presents condicions d`\u00fas i pol\u00edtica de privacitat, donant per ent\u00e8s que ha estat informat de les condicions d`\u00fas i av\u00eds legal de les mateixes i que es compromet al seu sencer compliment durant la navegaci\u00f3 i participaci\u00f3 a la web de LA EMPRESA<\/p>\n\n<h4 class=\"wp-block-heading\">EVITAR LA TRANSMISSI\u00d3 DE DADES A TERCERES EMPRESES SENSE CONSENTIMENT EXPR\u00c9S DE L`USUARI&#13;\n<\/h4>\n\n<p>Aix\u00ed mateix, i tret que s`hagi informat a l`usuari de la possible exist\u00e8ncia de cessions de les seves dades a tercers, i s`hagi recaptat el seu consentiment a les mateixes, en cap cas, excepte els casos emparats per la legislaci\u00f3 vigent, cap tercer ali\u00e8 a\u00a0<b>LA EMPRESA<\/b>\u00a0tindr\u00e0 acc\u00e9s, sense el consentiment expr\u00e9s dels usuaris, a les seves dades personals i\/o de navegaci\u00f3. En la resta dels casos\u00a0<b>LA EMPRESA<\/b>\u00a0col\u00b7laborar\u00e0 perqu\u00e8 els tercers compleixin amb la legislaci\u00f3 vigent, si b\u00e9 la responsabilitat ser\u00e0 exigible als citats tercers.&#13;\n&#13;\n\u00a0&#13;\n&#13;\n<b>LA EMPRESA<\/b>\u00a0no ven, lloga o cedeix les dades personals dels usuaris d`aquesta web, a excepci\u00f3 del cas que sigui necessari per a la pr\u00f2pia prestaci\u00f3 del servei.&#13;\n&#13;\n\u00a0&#13;\n&#13;\n<b>LA EMPRESA<\/b>\u00a0no ven, lloga o cedeix els emails dels seus usuaris a altres empreses, a excepci\u00f3 del cas que sigui necessari per a la pr\u00f2pia prestaci\u00f3 del servei.&#13;\n&#13;\n\u00a0<\/p>\n\n<p><b>LA EMPRESA<\/b>\u00a0no ven, lloga o cedeix les dades personals dels usuaris d`aquesta web, a excepci\u00f3 del cas que sigui necessari per a la pr\u00f2pia prestaci\u00f3 del servei.&#13;\n&#13;\n\u00a0&#13;\n&#13;\n<b>LA EMPRESA<\/b>\u00a0no ven, lloga o cedeix els emails dels seus usuaris a altres empreses, a excepci\u00f3 del cas que sigui necessari per a la pr\u00f2pia prestaci\u00f3 del servei.<\/p>\n\n<p><b>LA EMPRESA<\/b>\u00a0no ven, lloga o cedeix les dades personals dels usuaris d`aquesta web, a excepci\u00f3 del cas que sigui necessari per a la pr\u00f2pia prestaci\u00f3 del servei.&#13;\n&#13;\n\u00a0&#13;\n&#13;\n<b>LA EMPRESA<\/b>\u00a0no ven, lloga o cedeix els emails dels seus usuaris a altres empreses, a excepci\u00f3 del cas que sigui necessari per a la pr\u00f2pia prestaci\u00f3 del servei.<\/p>\n\n<h4 class=\"wp-block-heading\">BAIXA DE LA LLISTA DE DISTRIBUCI\u00d3 D`INFORMACI\u00d3<\/h4>\n\n<p>Ocasionalment,\u00a0<b>LA EMPRESA<\/b>\u00a0envia un email notificant millores, novetats o ofertes, que es produeixin en aquesta p\u00e0gina web de\u00a0<b>LA EMPRESA<\/b>.&#13;\n&#13;\n\u00a0&#13;\n&#13;\nEn qualsevol moment poden donar-se de baixa enviant-nos un email (consignar l`adre\u00e7a pel departament corresponent).<\/p>\n\n<h4 class=\"wp-block-heading\">RESPONSABILITAT DELS USUARIS PER \u00daS I CONTINGUT<\/h4>\n\n<p>Tant l`acc\u00e9s als websites com l`\u00fas que pugui realitzar-se de la informaci\u00f3 i continguts inclosos en els mateixos, ser\u00e0 d`exclusiva responsabilitat de qui ho realitzi.&#13;\n&#13;\n\u00a0&#13;\n&#13;\nPer tant, l`\u00fas que pugui fer-se de la informaci\u00f3, imatges, continguts i\/o productes ressenyats i accessibles a trav\u00e9s del mateix, estar\u00e0 supeditada a la legalitat, sigui nacional o internacional, aplicable, aix\u00ed com als principis de bona fe i \u00fas l\u00edcit per part dels usuaris, els quals seran enterament responsables d`aquest acc\u00e9s i correcte \u00fas.&#13;\n&#13;\n\u00a0&#13;\n&#13;\nEls usuaris estaran obligats a fer un \u00fas raonable dels serveis o continguts, sota el principi de bona fe i amb respecte a la legalitat vigent, a la moral, a l`ordre p\u00fablic, als bons costums, als drets de tercers o de la pr\u00f2pia\u00a0<b>LA EMPRESA<\/b>, tot aix\u00f2 segons les possibilitats i fins pels quals estan concebuts.&#13;\n&#13;\n\u00a0&#13;\n&#13;\n<b>LA EMPRESA<\/b>\u00a0no assumeix responsabilitats, ja siguin directes o indirectes, per dany emergent o lucre cessant, derivades del mal \u00fas dels serveis o continguts realitzat pels usuaris o tercers.<\/p>\n\n<h4 class=\"wp-block-heading\">INFORMACI\u00d3 LSSI-CE<\/h4>\n\n<p>En compliment del deure d`informaci\u00f3 contemplat en l`article 10 de la vigent Llei 34\/2002, del 11 de juliol, de Serveis de la Societat de la Informaci\u00f3 i de Comer\u00e7 Electr\u00f2nic, li comuniquem que el responsable de la web, des d`on pot descarregar diferents aplicacions es:&#13;\n&#13;\n &#13;\n&#13;\nTitular: ARTGRAF SABADELL S.L. partir d\u00b4ara L\u00b4EMPRESA&#13;\nAdre\u00e7a: C\/ PAPA PIUS XI 83-87 (08208)&#13;\nSABADELL (BARCELONA)&#13;\nE-mail: administracio@artgraf.es&#13;\nTel\u00e9fono:937272664&#13;\nN.I.F: B08664070&#13;\nWeb: www.artgraf.com<\/p>\n\n<h4 class=\"wp-block-heading\">CONCEPTE D`USUARI<\/h4>\n\n<p>La utilitzaci\u00f3 de la web atribueix la condici\u00f3 d`usuari, i implica l`acceptaci\u00f3 plena i sense reserves de totes i cadascuna de les disposicions incloses en aquest Av\u00eds Legal en la versi\u00f3 publicada per\u00a0<b>LA EMPRESA<\/b>\u00a0en el mateix moment que l`usuari accedeixi a la web. En conseq\u00fc\u00e8ncia, l`usuari ha de llegir atentament el present Av\u00eds Legal en cadascuna de les ocasions que es proposi utilitzar la web, ja que pot patir modificacions.<\/p>\n\n<h4 class=\"wp-block-heading\">INFORMACI\u00d3 SOBRE ELS LINKS<\/h4>\n\n<p><b>LA EMPRESA<\/b>\u00a0no es fa responsable de les webs no pr\u00f2pies a les quals es pot accedir mitjan\u00e7ant vincles \u201clinks\u201d o de qualsevol contingut posat a disposici\u00f3 per tercers.&#13;\n&#13;\n\u00a0&#13;\n&#13;\n\u00a0<\/p>\n\n<p>Qualsevol \u00fas d`un vincle o acc\u00e9s a una web no pr\u00f2pia \u00e9s realitzat per voluntat i risc exclusiu de l`usuari i\u00a0<b>LA EMPRESA<\/b>\u00a0no recomana ni garanteix cap informaci\u00f3 obtinguda a trav\u00e9s d`un vincle ali\u00e8 a\u00a0<b>LA EMPRESA<\/b>, ni es responsabilitza de cap p\u00e8rdua, reclamaci\u00f3 o perjudici derivat de l`\u00fas o mal \u00fas d`un vincle, o de la informaci\u00f3 obtinguda a trav\u00e9s d`ell, incloent altres vincles o webs, de la interrupci\u00f3 en el servei o en l`acc\u00e9s, o de l`intent d`usar o usar malament un vincle, tant al connectar a la web de\u00a0<b>LA EMPRESA<\/b>, com a l`accedir a la informaci\u00f3 d`altres webs des de la web de\u00a0<b>LA EMPRESA<\/b><\/p>\n\n<h4 class=\"wp-block-heading\">INFORMACI\u00d3 SOBRE LA UTILITZACI\u00d3 DE COOKIES<\/h4>\n\n<p>En aquesta web es poden estar utilitzant cookies en algunes p\u00e0gines.&#13;\n&#13;\n\u00a0&#13;\n&#13;\nLa finalitat d`aquestes cookies \u00e9s millorar el servei que ofereixen als seus clients i als nostres visitants. Les cookies s\u00f3n petits fitxers de dades que es generen en l`ordinador de l`usuari i que permeten obtenir la seg\u00fcent informaci\u00f3:&#13;\n* Data i hora de l`\u00faltima vegada que l`usuari va visitar la web.&#13;\n* Disseny de contingut que l`usuari va escollir en la seva primera visita a la web.&#13;\n* Elements de seguretat que intervenen en el control d`acc\u00e9s a les \u00e0rees restringides<\/p>\n\n<h4 class=\"wp-block-heading\">REN\u00daNCIA I LIMITACI\u00d3 DE LA RESPONSABILITAT<\/h4>\n\n<p>La informaci\u00f3 i serveis inclosos o disponibles a trav\u00e9s de les p\u00e0gines web poden incloure incorreccions o errors tipogr\u00e0fics.&#13;\n&#13;\n\u00a0&#13;\n&#13;\nDe forma peri\u00f2dica s`incorporen canvis a la informaci\u00f3 continguda.&#13;\n&#13;\n\u00a0&#13;\n&#13;\n<b>LA EMPRESA<\/b>\u00a0pot introduir en qualsevol moment millores i\/o canvis en els serveis o continguts.&#13;\n&#13;\n\u00a0&#13;\n&#13;\n<b>LA EMPRESA<\/b>\u00a0ha obtingut la informaci\u00f3 i els materials inclosos a la web de fonts considerades com a fiables, per\u00f2, si b\u00e9 s`han pres les mesures corresponents per a assegurar que la informaci\u00f3 continguda sigui correcta, no garanteix que sigui exacta i actualitzada.&#13;\n&#13;\n\u00a0&#13;\n&#13;\nTamb\u00e9 s`adverteix que els continguts d`aquesta web, tenen finalitat informativa en quant a la qualitat, situaci\u00f3, allotjament, serveis i tarifes de\u00a0<b>LA EMPRESA<\/b><\/p>\n\n<h4 class=\"wp-block-heading\">INFORMACI\u00d3 SOBRE LA EXEMPCI\u00d3 DE TOTA LA RESPONSABILITAT DERIVADA D`UNA FALLADA T\u00c8CNICA I DE CONTINGUT&#13;\n<\/h4>\n\n<p>\u00a0&#13;\n&#13;\n<b>LA EMPRESA<\/b>\u00a0declina qualsevol responsabilitat en cas que existeixin interrupcions o un mal funcionament dels serveis o continguts oferts a Internet, qualsevol que sigui la seva causa. Aix\u00ed mateix,\u00a0<b>LA EMPRESA<\/b>\u00a0no es fa responsable per caigudes de la xarxa, p\u00e8rdues de negoci a conseq\u00fc\u00e8ncia d`aquestes caigudes, suspensions temporals del fluid el\u00e8ctric o qualsevol altre tipus de dany indirecte que li pugui ser causat als usuaris per causes alienes a\u00a0<b>LA EMPRESA<\/b>.&#13;\n&#13;\n\u00a0&#13;\n&#13;\n<b>LA EMPRESA<\/b>\u00a0no declara ni garanteix que els serveis o continguts siguin interromputs o que estiguin lliures d`errors, que els defectes siguin corregits, o que el servei o el servidor que ho posa a disposici\u00f3 estiguin lliures de virus o altres components nocius, sense perjudici de que\u00a0<b>LA EMPRESA<\/b>\u00a0realitza els seus millors esfor\u00e7os per a evitar aquest tipus d`incidents.&#13;\n&#13;\n\u00a0&#13;\n&#13;\nEn cas que l`usuari prengu\u00e9s determinades decisions o realitz\u00e9s accions amb base a la informaci\u00f3 inclosa en qualsevol dels websites, es recomana la comprovaci\u00f3 de la informaci\u00f3 rebuda amb altres fonts.<\/p>\n\n<h4 class=\"wp-block-heading\">PROPIETAT INDUSTRIAL I INTEL\u00b7LECTUAL<\/h4>\n\n<p>Els continguts prestats per\u00a0<b>LA EMPRESA<\/b>, aix\u00ed com els continguts abocats en la xarxa a trav\u00e9s de les seves p\u00e0gines web, constitueixen una obra en el sentit de la legislaci\u00f3 sobre propietat intel\u00b7lectual pel que es troben protegits per les lleis i convenis internacionals aplicables en la mat\u00e8ria.&#13;\n&#13;\n\u00a0&#13;\n&#13;\nQueda prohibida qualsevol forma de reproducci\u00f3, distribuci\u00f3, comunicaci\u00f3 p\u00fablica, transformaci\u00f3, posada a disposici\u00f3 i, en general, qualsevol altre acte d`explotaci\u00f3 p\u00fablica referit tant a les p\u00e0gines web com als seus continguts i informaci\u00f3, sense l`expr\u00e9s i previ consentiment i per escrit de\u00a0<b>LA EMPRESA<\/b>.&#13;\n&#13;\n\u00a0&#13;\n&#13;\nEn conseq\u00fc\u00e8ncia, tots els continguts que es mostren en els diferents websites i especialment, dissenys, textos, gr\u00e0fics, logotips, icones, botons, programari, noms comercials, marques, dibuixos industrials o qualsevol altre signe susceptible d`utilitzaci\u00f3 industrial i comercial, estan subjectes a drets de propietat intel\u00b7lectual i industrial de\u00a0<b>LA EMPRESA<\/b>\u00a0o de tercers titulars dels mateixos que han autoritzat degudament la seva inclusi\u00f3 en els diferents websites.&#13;\n&#13;\n\u00a0<\/p>\n\n<p>Els continguts, imatges, formes, opinions, \u00edndexs i altres expressions formals que formin part de les p\u00e0gines web, aix\u00ed com el programari necessari pel funcionament i visualitzaci\u00f3 de les mateixes, constitueixen aix\u00ed mateix una obra en el sentit del Dret d`Autor i queden, per tant, protegides per les convencions internacionals i legislacions nacionals en mat\u00e8ria de Propietat intel\u00b7lectual que resultin aplicables.&#13;\n&#13;\n\u00a0&#13;\n&#13;\nL`incompliment de l`assenyalat implica la comissi\u00f3 de greus actes il\u00b7l\u00edcits i la seva sanci\u00f3 per la legislaci\u00f3 civil i penal.&#13;\n&#13;\n\u00a0&#13;\n&#13;\nQueda prohibit tot acte per virtut del qual els usuaris dels serveis o continguts puguin explotar o servirse comercialment, directa o indirectament, en la seva totalitat o parcialment, de qualsevol dels continguts, imatges, formes, \u00edndexs i altres expressions formals que formin part de les p\u00e0gines web sense perm\u00eds previ i per escrit de\u00a0<b>LA EMPRESA<\/b>.&#13;\n&#13;\n\u00a0&#13;\n&#13;\nEn concret, i sense car\u00e0cter exhaustiu, queden prohibits els actes de reproducci\u00f3, distribuci\u00f3, exhibici\u00f3, transmissi\u00f3, retransmissi\u00f3, emissi\u00f3 en qualsevol forma, emmagatzematge en suports f\u00edsics o l\u00f2gics (per exemple, disquets o disc dur d`ordinadors), digitalitzaci\u00f3 o posada a disposici\u00f3 des de bases de dades diferents de les pertanyents a les autoritzades per\u00a0<b>LA EMPRESA<\/b>, aix\u00ed com la seva traducci\u00f3, adaptaci\u00f3, arranjament o qualsevol altra transformaci\u00f3 d`aquestes opinions, imatges, formes, \u00edndexs i altres expressions formals que es posin a la disposici\u00f3 dels usuaris a trav\u00e9s dels serveis o continguts, en tant tals actes estiguin sotmesos a la legislaci\u00f3 aplicable en mat\u00e8ria de Propietat intel\u00b7lectual, industrial o de protecci\u00f3 de la imatge.&#13;\n&#13;\n\u00a0&#13;\n&#13;\n<b>LA EMPRESA<\/b>\u00a0\u00e9s lliure de limitar l`acc\u00e9s a les p\u00e0gines web, i als productes i\/o serveis en elles oferts, aix\u00ed com la conseg\u00fcent publicaci\u00f3 de les opinions, observacions, imatges o comentaris que els usuaris puguin fer-li arribar a trav\u00e9s de l`email.&#13;\n&#13;\n\u00a0&#13;\n&#13;\n<b>LA EMPRESA<\/b>, en aquest sentit, podr\u00e0 establir, si ho considera oport\u00fa, sense perjudici de l`\u00fanica i exclusiva responsabilitat dels usuaris, els filtres necessaris a fi d`evitar que a trav\u00e9s de les seves p\u00e0gines web puguin abocar-se a la xarxa continguts o opinions, considerats com racistes, xen\u00f2fobs, discriminatoris, pornogr\u00e0fics, difamatoris o que, de qualsevol manera, fomentin la viol\u00e8ncia o la disseminaci\u00f3 de continguts clarament il\u00b7l\u00edcits o nocius.&#13;\n&#13;\n\u00a0&#13;\n&#13;\nAquells usuaris que envi\u00efn a les p\u00e0gines web de\u00a0<b>LA EMPRESA<\/b>, al seu departament de suggeriments, observacions, opinions o comentaris per mitj\u00e0 del servei de correu electr\u00f2nic, tret que expressin de manera certa i inconfusible el contrari, en els casos en els quals per la naturalesa dels serveis o continguts aix\u00f2 sigui possible, s`ent\u00e9n que autoritzen a\u00a0<b>LA EMPRESA<\/b>\u00a0per a la reproducci\u00f3, distribuci\u00f3, exhibici\u00f3, transmissi\u00f3, retransmissi\u00f3, emissi\u00f3 en qualsevol format, emmagatzematge en suports f\u00edsics o l\u00f2gics (per exemple, disquets o disc dur d`ordinadors), digitalitzaci\u00f3, posada a disposici\u00f3 des de bases de dades pertanyents a\u00a0<b>LA EMPRESA<\/b>, traducci\u00f3, adaptaci\u00f3, arranjament o qualsevol altra transformaci\u00f3 de tals observacions, opinions o comentaris, per tot el temps de protecci\u00f3 de dret d`autor que estigui previst legalment.&#13;\n&#13;\n\u00a0&#13;\n&#13;\nAix\u00ed mateix, s`ent\u00e9n que aquesta autoritzaci\u00f3 es fa a t\u00edtol gratu\u00eft, i que pel sol fet d`enviar per email tals observacions, opinions o comentaris, els usuaris declinen qualsevol pretensi\u00f3 remuneraria per part de\u00a0<b>LA EMPRESA<\/b>.<\/p>\n\n<p>D`acord amb lo assenyalat en el par\u00e0graf anterior,\u00a0<b>LA EMPRESA<\/b>\u00a0queda autoritzada igualment per a procedir a la modificaci\u00f3 o alteraci\u00f3 de tals observacions, opinions o comentaris, a fi d`adaptar-los a les necessitats de format editorial de les p\u00e0gines web, sense que per aix\u00f2 pugui entendre`s que existeix en absolut qualsevol tipus de lesi\u00f3 de qualsevol de les facultats morals de dret d`autor que els usuaris poguessin ostentar sobre aquelles.&#13;\n&#13;\n\u00a0&#13;\n&#13;\nQueden prohibits qualsevol dels recursos t\u00e8cnics, l\u00f2gics o tecnol\u00f2gics per virtut dels quals un tercer pugui beneficiar-se, directa o indirectament, amb o sense lucre, de tots i cadascun dels continguts, formes, \u00edndexs i altres expressions formals que formin part de les p\u00e0gines web, o de l`esfor\u00e7 portat a terme per\u00a0<b>LA EMPRESA<\/b>\u00a0pel seu funcionament.&#13;\n&#13;\n\u00a0&#13;\n&#13;\nEn concret, queda prohibit tot link, hyperlink, framing o vincle similar que pugui establir-se en direcci\u00f3 a les p\u00e0gines web de\u00a0<b>LA EMPRESA<\/b>, sense el consentiment previ, expr\u00e9s i per escrit de\u00a0<b>LA EMPRESA<\/b>.&#13;\n&#13;\n\u00a0&#13;\n&#13;\nQualsevol trasgressi\u00f3 del disposat en aquest punt ser\u00e0 considerada com a lesi\u00f3 dels leg\u00edtims drets de Propietat intel\u00b7lectual de\u00a0<b>LA EMPRESA<\/b>\u00a0sobre les p\u00e0gines web i tots els continguts de les mateixes.&#13;\n&#13;\n\u00a0&#13;\n&#13;\n<b>LA EMPRESA<\/b>\u00a0no assumir\u00e0 responsabilitat alguna davant conseq\u00fc\u00e8ncies derivades de les conductes i actuacions abans citades, de la mateixa manera que no assumir\u00e0 responsabilitat alguna pels continguts, serveis, productes, etc,\u2026 de tercers als quals es pugui accedir directament o a trav\u00e9s de banners, enlla\u00e7os, links, hyperlinks, framing o vincles similars des dels websites de\u00a0<b>LA EMPRESA<\/b>.<\/p>\n","protected":false},"excerpt":{"rendered":"<p>ARTGRAF SABADELL S.L. informa als usuaris que compleix amb la vigent normativa de protecci\u00f3 de dades, i amb car\u00e0cter especial, amb la Llei Org\u00e0nica 15\/1999, del 13 de Desembre, de Protecci\u00f3 de Dades de Car\u00e0cter Personal, la Llei 34\/2002. Titular: ARTGRAF SABADELL S.L. partir d\u00b4ara L\u00b4EMPRESA&#13; Adre\u00e7a: C\/ PAPA PIUS XI 83-87 (08208)&#13; SABADELL (BARCELONA)&#13; [&hellip;]<\/p>\n","protected":false},"author":1,"featured_media":0,"parent":0,"menu_order":0,"comment_status":"closed","ping_status":"closed","template":"","meta":{"footnotes":""},"class_list":["post-2799","page","type-page","status-publish","hentry"],"_links":{"self":[{"href":"https:\/\/www.artgraf.es\/ca\/wp-json\/wp\/v2\/pages\/2799","targetHints":{"allow":["GET"]}}],"collection":[{"href":"https:\/\/www.artgraf.es\/ca\/wp-json\/wp\/v2\/pages"}],"about":[{"href":"https:\/\/www.artgraf.es\/ca\/wp-json\/wp\/v2\/types\/page"}],"author":[{"embeddable":true,"href":"https:\/\/www.artgraf.es\/ca\/wp-json\/wp\/v2\/users\/1"}],"replies":[{"embeddable":true,"href":"https:\/\/www.artgraf.es\/ca\/wp-json\/wp\/v2\/comments?post=2799"}],"version-history":[{"count":2,"href":"https:\/\/www.artgraf.es\/ca\/wp-json\/wp\/v2\/pages\/2799\/revisions"}],"predecessor-version":[{"id":3297,"href":"https:\/\/www.artgraf.es\/ca\/wp-json\/wp\/v2\/pages\/2799\/revisions\/3297"}],"wp:attachment":[{"href":"https:\/\/www.artgraf.es\/ca\/wp-json\/wp\/v2\/media?parent=2799"}],"curies":[{"name":"wp","href":"https:\/\/api.w.org\/{rel}","templated":true}]}}